{"id":237,"date":"2025-03-26T09:41:24","date_gmt":"2025-03-26T08:41:24","guid":{"rendered":"https:\/\/schloss-bevern.de\/wp\/?page_id=237"},"modified":"2025-11-04T12:34:26","modified_gmt":"2025-11-04T11:34:26","slug":"frauenorte-2","status":"publish","type":"page","link":"https:\/\/schloss-bevern.de\/?page_id=237","title":{"rendered":"frauenORTE"},"content":{"rendered":"<div id=\"pl-237\"  class=\"panel-layout\" ><div id=\"pg-237-0\"  class=\"panel-grid panel-no-style\" ><div id=\"pgc-237-0-0\"  class=\"panel-grid-cell\" ><div id=\"panel-237-0-0-0\" class=\"so-panel widget widget_sow-image panel-first-child panel-last-child\" data-index=\"0\" ><div\n\t\t\t\n\t\t\tclass=\"so-widget-sow-image so-widget-sow-image-default-8b5b6f678277-237\"\n\t\t\t\n\t\t>\n<div class=\"sow-image-container\">\n\t\t\t<a href=\"https:\/\/www.frauenorte-niedersachsen.de\/index.php?article_id=15\"\n\t\t\ttarget=\"_blank\" rel=\"noopener noreferrer\" \t\t>\n\t\t\t<img loading=\"lazy\" decoding=\"async\" src=\"https:\/\/schloss-bevern.de\/wp-content\/uploads\/frauenratNDS.jpg\" width=\"350\" height=\"97\" srcset=\"https:\/\/schloss-bevern.de\/wp-content\/uploads\/frauenratNDS.jpg 350w, https:\/\/schloss-bevern.de\/wp-content\/uploads\/frauenratNDS-300x83.jpg 300w, https:\/\/schloss-bevern.de\/wp-content\/uploads\/frauenratNDS-150x42.jpg 150w\" sizes=\"auto, (max-width: 350px) 100vw, 350px\" alt=\"\" \t\tclass=\"so-widget-image\"\/>\n\t<\/a><\/div>\n\n<\/div><\/div><\/div><div id=\"pgc-237-0-1\"  class=\"panel-grid-cell\" ><div id=\"panel-237-0-1-0\" class=\"so-panel widget widget_sow-image panel-first-child panel-last-child\" data-index=\"1\" ><div\n\t\t\t\n\t\t\tclass=\"so-widget-sow-image so-widget-sow-image-default-8b5b6f678277-237\"\n\t\t\t\n\t\t>\n<div class=\"sow-image-container\">\n\t\t\t<a href=\"https:\/\/www.landesfrauenrat-nds.de\/\"\n\t\t\ttarget=\"_blank\" rel=\"noopener noreferrer\" \t\t>\n\t\t\t<img loading=\"lazy\" decoding=\"async\" src=\"https:\/\/schloss-bevern.de\/wp-content\/uploads\/LFRN_Logo-768x129.jpg\" width=\"720\" height=\"121\" srcset=\"https:\/\/schloss-bevern.de\/wp-content\/uploads\/LFRN_Logo-768x129.jpg 768w, https:\/\/schloss-bevern.de\/wp-content\/uploads\/LFRN_Logo-300x50.jpg 300w, https:\/\/schloss-bevern.de\/wp-content\/uploads\/LFRN_Logo-1024x172.jpg 1024w, https:\/\/schloss-bevern.de\/wp-content\/uploads\/LFRN_Logo-150x25.jpg 150w, https:\/\/schloss-bevern.de\/wp-content\/uploads\/LFRN_Logo-1536x258.jpg 1536w, https:\/\/schloss-bevern.de\/wp-content\/uploads\/LFRN_Logo.jpg 1753w\" sizes=\"auto, (max-width: 720px) 100vw, 720px\" alt=\"\" \t\tclass=\"so-widget-image\"\/>\n\t<\/a><\/div>\n\n<\/div><\/div><\/div><\/div><div id=\"pg-237-1\"  class=\"panel-grid panel-no-style\" ><div id=\"pgc-237-1-0\"  class=\"panel-grid-cell\" ><div id=\"panel-237-1-0-0\" class=\"so-panel widget widget_sow-editor panel-first-child panel-last-child\" data-index=\"2\" ><div\n\t\t\t\n\t\t\tclass=\"so-widget-sow-editor so-widget-sow-editor-base\"\n\t\t\t\n\t\t>\n<div class=\"siteorigin-widget-tinymce textwidget\">\n\t<div><span style=\"font-family: garamond-lt-regular; font-size: 16px;\">frauenORTE Niedersachsen ist eine Initiative des Landesfrauenrates Niedersachsen e.V., die Leben und Wirken bedeutender historischer Frauenpers\u00f6nlichkeiten lebendig werden l\u00e4sst und in der breiten \u00d6ffentlichkeit bekannt macht. Die Initiative will auch dazu beitragen, dass Frauengeschichte und Frauenkultur einen festen Platz im Spektrum kulturtouristischer Angebote erhalten.<\/span><\/div>\n<p><span style=\"font-family: garamond-lt-regular; font-size: 16px;\">An mittlerweile 50 <span style=\"color: #9d113b;\"><strong>frauenORTE Niedersachsen<\/strong><\/span>-Standorten l\u00e4dt der Landesfrauenrat dazu ein, bedeutende, heute meist nicht mehr bekannte Frauen an ihren Wirkungsst\u00e4tten zu \u201ebesuchen\u201c. Einen \u00dcberblick finden Sie<strong> <a href=\"http:\/\/www.frauenorte-niedersachsen.de\">hier<\/a>.<\/strong><\/span><\/p>\n<p><img loading=\"lazy\" decoding=\"async\" class=\"alignnone size-medium wp-image-551\" src=\"https:\/\/schloss-bevern.de\/wp\/wp-content\/uploads\/Logo_im_garten_text_rechts_1-300x122.jpg\" alt=\"\" width=\"300\" height=\"122\" srcset=\"https:\/\/schloss-bevern.de\/wp-content\/uploads\/Logo_im_garten_text_rechts_1-300x122.jpg 300w, https:\/\/schloss-bevern.de\/wp-content\/uploads\/Logo_im_garten_text_rechts_1-1024x416.jpg 1024w, https:\/\/schloss-bevern.de\/wp-content\/uploads\/Logo_im_garten_text_rechts_1-150x61.jpg 150w, https:\/\/schloss-bevern.de\/wp-content\/uploads\/Logo_im_garten_text_rechts_1-768x312.jpg 768w, https:\/\/schloss-bevern.de\/wp-content\/uploads\/Logo_im_garten_text_rechts_1-1536x624.jpg 1536w, https:\/\/schloss-bevern.de\/wp-content\/uploads\/Logo_im_garten_text_rechts_1-2048x831.jpg 2048w\" sizes=\"auto, (max-width: 300px) 100vw, 300px\" \/><\/p>\n<p><span style=\"color: #9d113b;\"><span style=\"font-family: garamond-lt-regular;\"><strong>Archiv des Ausstellungsprogramms<\/strong><\/span><strong><span style=\"font-family: garamond-lt-regular;\">: <\/span><a href=\"https:\/\/schloss-bevern.de\/?page_id=576\"><span style=\"font-family: garamond-lt-regular;\">Hier<\/span><\/a><\/strong><\/span><\/p>\n<p>&nbsp;<\/p>\n<p>&nbsp;<\/p>\n<\/div>\n<\/div><\/div><\/div><\/div><div id=\"pg-237-2\"  class=\"panel-grid panel-no-style\" ><div id=\"pgc-237-2-0\"  class=\"panel-grid-cell\" ><div id=\"panel-237-2-0-0\" class=\"so-panel widget widget_sow-editor panel-first-child panel-last-child\" data-index=\"3\" ><div\n\t\t\t\n\t\t\tclass=\"so-widget-sow-editor so-widget-sow-editor-base\"\n\t\t\t\n\t\t>\n<div class=\"siteorigin-widget-tinymce textwidget\">\n\t<h1 style=\"text-align: center;\"><span style=\"font-family: garamond-lt-regular; color: #9d113b;\">frauenORT Paula Tobias<\/span><\/h1>\n<p><span class=\"Yellow\"><img loading=\"lazy\" decoding=\"async\" class=\"size-medium wp-image-503 alignleft\" src=\"https:\/\/schloss-bevern.de\/wp\/wp-content\/uploads\/Paula-Tobias-gross-212x300.jpg\" alt=\"\" width=\"212\" height=\"300\" srcset=\"https:\/\/schloss-bevern.de\/wp-content\/uploads\/Paula-Tobias-gross-212x300.jpg 212w, https:\/\/schloss-bevern.de\/wp-content\/uploads\/Paula-Tobias-gross-724x1024.jpg 724w, https:\/\/schloss-bevern.de\/wp-content\/uploads\/Paula-Tobias-gross-106x150.jpg 106w, https:\/\/schloss-bevern.de\/wp-content\/uploads\/Paula-Tobias-gross-768x1086.jpg 768w, https:\/\/schloss-bevern.de\/wp-content\/uploads\/Paula-Tobias-gross-1086x1536.jpg 1086w, https:\/\/schloss-bevern.de\/wp-content\/uploads\/Paula-Tobias-gross-1448x2048.jpg 1448w, https:\/\/schloss-bevern.de\/wp-content\/uploads\/Paula-Tobias-gross-scaled.jpg 1810w\" sizes=\"auto, (max-width: 212px) 100vw, 212px\" \/><span style=\"font-family: garamond-lt-regular; font-size: 16px;\">Als erste praktizierende \u00c4rztin im Braunschweiger Land leistete Paula Tobias w\u00e4hrend des Ersten Weltkrieges die medizinische Versorgung der Region Kreiensen, f\u00fchrte ein Lazarett und bildete Pflegerinnen aus. Die von ihr eingerichtete M\u00fctterberatung unterst\u00fctzte Frauen bei der S\u00e4uglingspflege. Diese Gesundheitsf\u00fcrsorge setzte sie ab 1928 in Bevern fort, wo sie mit ihrem Mann eine Gemeinschaftspraxis betrieb. Konfrontiert mit Ausgrenzung und Berufsverbot, forderte die J\u00fcdin gegen\u00fcber bekennenden Nationalsozialisten ihre Anerkennung als Deutsche. 1935 emigrierte sie mit ihrer Familie nach Amerika und arbeitete dort als Krankenschwester.<\/span><\/span><\/p>\n<p><span style=\"font-family: garamond-lt-regular; font-size: 16px;\">An drei Standorten wird die Lebensgeschichte von Paula Tobias lebendig.<\/span><\/p>\n<p>&nbsp;<\/p>\n<p>&nbsp;<\/p>\n<\/div>\n<\/div><\/div><\/div><\/div><div id=\"pg-237-3\"  class=\"panel-grid panel-no-style\" ><div id=\"pgc-237-3-0\"  class=\"panel-grid-cell\" ><div id=\"panel-237-3-0-0\" class=\"so-panel widget widget_sow-editor panel-first-child panel-last-child\" data-index=\"4\" ><div\n\t\t\t\n\t\t\tclass=\"so-widget-sow-editor so-widget-sow-editor-base\"\n\t\t\t\n\t\t>\n<div class=\"siteorigin-widget-tinymce textwidget\">\n\t<h3 style=\"text-align: center;\"><strong><span style=\"font-family: garamond-lt-regular; font-size: 18px; color: #9d113b;\">Hauptstandort Bevern<\/span><\/strong><\/h3>\n<p><span class=\"Yellow\" style=\"font-family: garamond-lt-regular;\">Im Mai wurde in Bevern der 34. \u201efrauenORTE Niedersachsen\u201c-Standort er\u00f6ffnet, der das Leben der deutsch-j\u00fcdischen \u00c4rztin Dr. Paula Tobias (1886-1970) zum Thema macht.<\/span><\/p>\n<p>&nbsp;<\/p>\n<p>&nbsp;<\/p>\n<\/div>\n<\/div><\/div><\/div><div id=\"pgc-237-3-1\"  class=\"panel-grid-cell\" ><div id=\"panel-237-3-1-0\" class=\"so-panel widget widget_sow-editor panel-first-child panel-last-child\" data-index=\"5\" ><div\n\t\t\t\n\t\t\tclass=\"so-widget-sow-editor so-widget-sow-editor-base\"\n\t\t\t\n\t\t>\n<div class=\"siteorigin-widget-tinymce textwidget\">\n\t<h3 style=\"text-align: center;\"><span style=\"font-family: garamond-lt-regular;\"><strong><span style=\"font-size: 18px; color: #9d113b;\">Standort Delligsen<\/span><\/strong><\/span><\/h3>\n<p><span style=\"font-family: garamond-lt-regular;\">Mit der feierlichen Enth\u00fcllung einer Gedenktafel im November 2017 ist Delligsen nun zweiter Standort des frauenORTS Paula Tobias.<\/span><\/p>\n<p>&nbsp;<\/p>\n<\/div>\n<\/div><\/div><\/div><div id=\"pgc-237-3-2\"  class=\"panel-grid-cell\" ><div id=\"panel-237-3-2-0\" class=\"so-panel widget widget_sow-editor panel-first-child panel-last-child\" data-index=\"6\" ><div\n\t\t\t\n\t\t\tclass=\"so-widget-sow-editor so-widget-sow-editor-base\"\n\t\t\t\n\t\t>\n<div class=\"siteorigin-widget-tinymce textwidget\">\n\t<h3 style=\"text-align: center;\"><span style=\"color: #9d113b;\"><strong><span style=\"font-family: garamond-lt-regular; font-size: 18px;\">Standort Kreiensen<\/span><\/strong><\/span><\/h3>\n<p><span class=\"collab-selectable-content-wrapper\" style=\"font-family: garamond-lt-regular;\" data-test-desctext=\"\" data-test-selectablecontent=\"\">Im Dezember 2018 wurde im Rathaus\u00a0eine eigene Version der Dauerausstellung zu Paula Tobias' Leben in Kreiensen eingeweiht.\u00a0W\u00e4hrend der\u00a0\u00d6ffnungszeiten des\u00a0B\u00fcrgerb\u00fcros kann sie besichtigt werden.<\/span><br \/>\n<a href=\"https:\/\/schloss-bevern.de\/?page_id=559\"><span style=\"font-family: garamond-lt-regular;\"><span class=\"collab-selectable-content-wrapper\" data-test-desctext=\"\" data-test-selectablecontent=\"\">Weitere Informationen<\/span><\/span><\/a><\/p>\n<p>&nbsp;<\/p>\n<\/div>\n<\/div><\/div><\/div><\/div><div id=\"pg-237-4\"  class=\"panel-grid panel-no-style\" ><div id=\"pgc-237-4-0\"  class=\"panel-grid-cell\" ><div id=\"panel-237-4-0-0\" class=\"so-panel widget widget_sow-editor panel-first-child panel-last-child\" data-index=\"7\" ><div\n\t\t\t\n\t\t\tclass=\"so-widget-sow-editor so-widget-sow-editor-base\"\n\t\t\t\n\t\t>\n<div class=\"siteorigin-widget-tinymce textwidget\">\n\t<h2 style=\"text-align: center;\"><span style=\"font-size: 32px;\"><span style=\"font-family: garamond-lt-regular; color: #9d113b;\">Dauerausstellung<\/span><\/span><\/h2>\n<h3 style=\"text-align: center;\"><span style=\"font-family: garamond-lt-regular; font-size: 18px; color: #9d113b;\">Paula Tobias: Auf den Spuren der ersten Land\u00e4rztin im Braunschweiger Land<\/span><\/h3>\n<p><span style=\"font-family: garamond-lt-regular; font-size: 16px;\"><img loading=\"lazy\" decoding=\"async\" class=\"wp-image-345 size-full alignright\" src=\"https:\/\/schloss-bevern.de\/wp\/wp-content\/uploads\/Dauerausstellung_Paula_Tobias.jpg\" alt=\"\" width=\"350\" height=\"196\" srcset=\"https:\/\/schloss-bevern.de\/wp-content\/uploads\/Dauerausstellung_Paula_Tobias.jpg 350w, https:\/\/schloss-bevern.de\/wp-content\/uploads\/Dauerausstellung_Paula_Tobias-300x168.jpg 300w, https:\/\/schloss-bevern.de\/wp-content\/uploads\/Dauerausstellung_Paula_Tobias-150x84.jpg 150w\" sizes=\"auto, (max-width: 350px) 100vw, 350px\" \/>Paula Tobias (1896-1970) geh\u00f6rte zur ersten Generation von Frauen in Deutschland, die studierten und als \u00c4rztinnen arbeiteten. Sie war die erste Land\u00e4rztin im Braunschweiger Land. Nachdem sie in Kreiensen ab 1914 als einzige \u00c4rztin der Region w\u00e4hrend des Ersten Weltkriegs die Menschen medizinisch versorgte, gr\u00fcndete sie in Delligsen die erste M\u00fctterberatung der Region.<\/span><\/p>\n<p><span style=\"font-family: garamond-lt-regular; font-size: 16px;\">Ab 1928 lebte und arbeitete Paula Tobias in Bevern. Die Nationalsozialisten zwangen die j\u00fcdisch-st\u00e4mmige Familie 1935 in die Emigration in die USA, wo Paula Tobias nie wieder als \u00c4rztin, sondern als Krankenschwester arbeitete.<\/span><\/p>\n<p><span style=\"font-family: garamond-lt-regular; font-size: 16px;\">Die Ausstellung veranschaulicht eine au\u00dfergew\u00f6hnliche und beispielhafte Lebensgeschichte. Eine neue Themeninsel der Ausstellung besch\u00e4ftigt sich in diesem Jahr mit der Zeit der \u201eSpanischen Grippe\u201c um 1918, deren verheerende Wirkung Paula Tobias im l\u00e4ndlichen Industrieort Delligsen aus \u00e4rztlicher Perspektive miterlebte.<\/span><\/p>\n<\/div>\n<\/div><\/div><\/div><\/div><div id=\"pg-237-5\"  class=\"panel-grid panel-no-style\" ><div id=\"pgc-237-5-0\"  class=\"panel-grid-cell\" ><div id=\"panel-237-5-0-0\" class=\"so-panel widget widget_sow-video panel-first-child\" data-index=\"8\" ><div\n\t\t\t\n\t\t\tclass=\"so-widget-sow-video so-widget-sow-video-default-f379b959fc93-237\"\n\t\t\t\n\t\t><h3 class=\"widget-title\">Kurzeinf\u00fchrung zur neuen Themeninsel Paula Tobias und die Spanische Grippe Ausstellungsf\u00fchrung<\/h3>\n<div class=\"sow-video-wrapper\">\n\t\t\t<video\n\t\t\tid=\"sow-player-1\" class=\"sow-video-widget\" preload=\"auto\" style=\"width:100%;height:100%;\" controls \t\t>\n\t\t\t\t\t\t\t<source type=\"video\/mp4\" src=\"https:\/\/schloss-bevern.de\/wp-content\/uploads\/PaulaTobiasAustellung21.mp4\"\/>\n\t\t\t\t\t<\/video>\n\t<\/div>\n<\/div><\/div><div id=\"panel-237-5-0-1\" class=\"so-panel widget widget_sow-editor panel-last-child\" data-index=\"9\" ><div\n\t\t\t\n\t\t\tclass=\"so-widget-sow-editor so-widget-sow-editor-base\"\n\t\t\t\n\t\t>\n<div class=\"siteorigin-widget-tinymce textwidget\">\n\t<p><span style=\"font-family: garamond-lt-regular; font-size: 16px;\">Kurzfilm und Anleitung zum Download der App \u201eAuf Paula Tobias\u2018 Spuren durch Bevern\u201c regen zur weiteren Erkundung an. W\u00e4hrend der Besuchssaison ge\u00f6ffnet: dienstags bis sonntags sowie an Feiertagen, 10 - 17 Uhr; f\u00fcr Gruppen auf Anfrage.<\/span><\/p>\n<p>&nbsp;<\/p>\n<\/div>\n<\/div><\/div><\/div><\/div><div id=\"pg-237-6\"  class=\"panel-grid panel-no-style\" ><div id=\"pgc-237-6-0\"  class=\"panel-grid-cell\" ><div id=\"panel-237-6-0-0\" class=\"so-panel widget widget_sow-editor panel-first-child panel-last-child\" data-index=\"10\" ><div\n\t\t\t\n\t\t\tclass=\"so-widget-sow-editor so-widget-sow-editor-base\"\n\t\t\t\n\t\t>\n<div class=\"siteorigin-widget-tinymce textwidget\">\n\t<h2 style=\"text-align: center;\"><span style=\"font-family: garamond-lt-regular; color: #9d113b;\">F\u00fchrungen und Rundg\u00e4nge<\/span><\/h2>\n<h2 style=\"text-align: center;\"><span style=\"font-family: garamond-lt-regular; color: #9d113b; font-size: 18px;\">Kommentierter Rundgang durch die Dauerausstellung Paula Tobias<\/span><\/h2>\n<p><span style=\"font-family: garamond-lt-regular; font-size: 16px;\">Renate Nott nimmt Sie mit auf einen Streifzug durch die au\u00dfergew\u00f6hnliche und exemplarische Lebensgeschichte der Gr\u00fcnderin der ersten M\u00fctterberatung im Braunschweiger Land. Paula Tobias, die erst in Kreiensen, dann Delligsen, schlie\u00dflich in Bevern lebte und arbeitete bevor der Nationalsozialismus sie und ihre Familie ins US-Amerikanische Exil zwang.<\/span><br \/>\n<span style=\"font-family: garamond-lt-regular; font-size: 16px;\">Anl\u00e4sslich der Corona-Pandemie ist die Themeninsel zur sogenannten \"Spanischen Grippe\" hinzugekommen, die Paula Tobias als allein verantwortliche \u00c4rztin f\u00fcr die l\u00e4ndliche Industriegemeinde Delligsen miterlebte.<\/span><\/p>\n<p><img loading=\"lazy\" decoding=\"async\" class=\"size-medium wp-image-571\" src=\"https:\/\/schloss-bevern.de\/wp\/wp-content\/uploads\/PT_Ausstellung_450px-300x169.jpg\" alt=\"\" width=\"300\" height=\"169\" srcset=\"https:\/\/schloss-bevern.de\/wp-content\/uploads\/PT_Ausstellung_450px-300x169.jpg 300w, https:\/\/schloss-bevern.de\/wp-content\/uploads\/PT_Ausstellung_450px-150x84.jpg 150w, https:\/\/schloss-bevern.de\/wp-content\/uploads\/PT_Ausstellung_450px.jpg 450w\" sizes=\"auto, (max-width: 300px) 100vw, 300px\" \/><\/p>\n<p><span style=\"font-family: garamond-lt-regular; font-size: 16px;\">Der kommentierte Rundgang wird kostenlos angeboten. Termine: Bitte telefonisch erfragen. Anmeldung unter Tel.: 05531 707-148.<\/span><\/p>\n<p>&nbsp;<\/p>\n<\/div>\n<\/div><\/div><\/div><\/div><div id=\"pg-237-7\"  class=\"panel-grid panel-no-style\" ><div id=\"pgc-237-7-0\"  class=\"panel-grid-cell\" ><div id=\"panel-237-7-0-0\" class=\"so-panel widget widget_sow-editor panel-first-child panel-last-child\" data-index=\"11\" ><div\n\t\t\t\n\t\t\tclass=\"so-widget-sow-editor so-widget-sow-editor-base\"\n\t\t\t\n\t\t>\n<div class=\"siteorigin-widget-tinymce textwidget\">\n\t<h2 style=\"text-align: center;\"><span style=\"font-family: garamond-lt-regular; color: #9d113b;\">F\u00fchrung durch den Ort Bevern<\/span><\/h2>\n<h3 style=\"text-align: center;\"><span style=\"font-family: garamond-lt-regular; color: #9d113b; font-size: 18px;\"><img loading=\"lazy\" decoding=\"async\" class=\"size-medium wp-image-503 alignleft\" src=\"https:\/\/schloss-bevern.de\/wp\/wp-content\/uploads\/Paula-Tobias-gross-212x300.jpg\" alt=\"\" width=\"212\" height=\"300\" srcset=\"https:\/\/schloss-bevern.de\/wp-content\/uploads\/Paula-Tobias-gross-212x300.jpg 212w, https:\/\/schloss-bevern.de\/wp-content\/uploads\/Paula-Tobias-gross-724x1024.jpg 724w, https:\/\/schloss-bevern.de\/wp-content\/uploads\/Paula-Tobias-gross-106x150.jpg 106w, https:\/\/schloss-bevern.de\/wp-content\/uploads\/Paula-Tobias-gross-768x1086.jpg 768w, https:\/\/schloss-bevern.de\/wp-content\/uploads\/Paula-Tobias-gross-1086x1536.jpg 1086w, https:\/\/schloss-bevern.de\/wp-content\/uploads\/Paula-Tobias-gross-1448x2048.jpg 1448w, https:\/\/schloss-bevern.de\/wp-content\/uploads\/Paula-Tobias-gross-scaled.jpg 1810w\" sizes=\"auto, (max-width: 212px) 100vw, 212px\" \/><\/span><\/h3>\n<h3 style=\"text-align: left;\"><span style=\"font-family: garamond-lt-regular; color: #9d113b; font-size: 18px;\">Auf den Spuren von Paula Tobias - Land\u00e4rztin, Deutsche und J\u00fcdin<\/span><\/h3>\n<p><span style=\"font-family: garamond-lt-regular; font-size: 16px;\">Zwischen 1928 und 1935 lebte und praktizierte die erste Land\u00e4rztin im Braunschweiger Land in Bevern: Dr. med. Paula Tobias (1886 \u2013 1970). Die engagierte Gr\u00fcnderin der regionalen M\u00fctterberatung erlebte hier den Beginn des Nationalsozialismus. Ihr f\u00fcr die damalige Zeit besonderes und zugleich exemplarisches Leben wird bei einem Rundgang durch den Ort vom Schloss zum Wohnhaus anschaulich. Wie lebten eigentlich Frauen auf dem Land vor 100 Jahren?<\/span><\/p>\n<p><span style=\"font-family: garamond-lt-regular; font-size: 16px;\">Termine: Bitte telefonisch erfragen. Anmeldung unter Tel.: 05531 707-148.<\/span><\/p>\n<p>&nbsp;<\/p>\n<\/div>\n<\/div><\/div><\/div><\/div><\/div>","protected":false},"excerpt":{"rendered":"<p>frauenORTE Niedersachsen ist eine Initiative des Landesfrauenrates Niedersachsen e.V., die Leben und Wirken bedeutender historischer Frauenpers\u00f6nlichkeiten lebendig werden l\u00e4sst und in der breiten \u00d6ffentlichkeit bekannt macht. Die Initiative will auch dazu beitragen, dass Frauengeschichte und Frauenkultur einen festen Platz im Spektrum kulturtouristischer Angebote erhalten. An mittlerweile 50 frauenORTE Niedersachsen-Standorten l\u00e4dt der Landesfrauenrat dazu ein, bedeutende, [&hellip;]<\/p>\n","protected":false},"author":1,"featured_media":0,"parent":0,"menu_order":0,"comment_status":"closed","ping_status":"closed","template":"","meta":{"footnotes":""},"class_list":["post-237","page","type-page","status-publish","hentry","post"],"_links":{"self":[{"href":"https:\/\/schloss-bevern.de\/index.php?rest_route=\/wp\/v2\/pages\/237","targetHints":{"allow":["GET"]}}],"collection":[{"href":"https:\/\/schloss-bevern.de\/index.php?rest_route=\/wp\/v2\/pages"}],"about":[{"href":"https:\/\/schloss-bevern.de\/index.php?rest_route=\/wp\/v2\/types\/page"}],"author":[{"embeddable":true,"href":"https:\/\/schloss-bevern.de\/index.php?rest_route=\/wp\/v2\/users\/1"}],"replies":[{"embeddable":true,"href":"https:\/\/schloss-bevern.de\/index.php?rest_route=%2Fwp%2Fv2%2Fcomments&post=237"}],"version-history":[{"count":26,"href":"https:\/\/schloss-bevern.de\/index.php?rest_route=\/wp\/v2\/pages\/237\/revisions"}],"predecessor-version":[{"id":1081,"href":"https:\/\/schloss-bevern.de\/index.php?rest_route=\/wp\/v2\/pages\/237\/revisions\/1081"}],"wp:attachment":[{"href":"https:\/\/schloss-bevern.de\/index.php?rest_route=%2Fwp%2Fv2%2Fmedia&parent=237"}],"curies":[{"name":"wp","href":"https:\/\/api.w.org\/{rel}","templated":true}]}}