{"id":262,"date":"2025-03-26T09:59:11","date_gmt":"2025-03-26T08:59:11","guid":{"rendered":"https:\/\/schloss-bevern.de\/wp\/?page_id=262"},"modified":"2026-04-15T11:50:13","modified_gmt":"2026-04-15T09:50:13","slug":"fuehrungen","status":"publish","type":"page","link":"https:\/\/schloss-bevern.de\/?page_id=262","title":{"rendered":"F\u00fchrungen"},"content":{"rendered":"<div id=\"pl-262\"  class=\"panel-layout\" ><div id=\"pg-262-0\"  class=\"panel-grid panel-no-style\" ><div id=\"pgc-262-0-0\"  class=\"panel-grid-cell\" ><div id=\"panel-262-0-0-0\" class=\"so-panel widget widget_sow-editor panel-first-child panel-last-child\" data-index=\"0\" ><div\n\t\t\t\n\t\t\tclass=\"so-widget-sow-editor so-widget-sow-editor-base\"\n\t\t\t\n\t\t>\n<div class=\"siteorigin-widget-tinymce textwidget\">\n\t<h1 style=\"text-align: center;\"><strong><span style=\"color: #9d113b; font-family: garamond-lt-regular;\">\u00d6ffentliche<\/span><span style=\"color: #9d113b; font-family: garamond-lt-regular;\"> Schlossf\u00fchrungen von April bis Oktober<\/span><\/strong><\/h1>\n<h1 style=\"text-align: center;\"><strong><span style=\"color: #9d113b; font-family: garamond-lt-regular;\">\u00a0- informieren Sie sich aktuell, ob die F\u00fchrungen stattfinden -<\/span><\/strong><\/h1>\n<p style=\"text-align: center;\"><em><strong><span style=\"font-family: garamond-lt-regular; font-size: 18px;\">An folgenden Tagen k\u00f6nnen keine Schlossf\u00fchrungen angeboten werden: <\/span><\/strong><\/em><\/p>\n<p style=\"text-align: center;\"><em><strong><span style=\"font-family: garamond-lt-regular; font-size: 18px;\">12. bis 14. Juni<\/span><\/strong><\/em><br \/>\n<em><strong><span style=\"font-family: garamond-lt-regular; font-size: 18px;\">16. August\u00a0<\/span><\/strong><\/em><br \/>\n<em><strong><span style=\"font-family: garamond-lt-regular; font-size: 18px;\">3. und 4. Oktober<\/span><\/strong><\/em><\/p>\n<h2 style=\"text-align: left;\"><strong><span style=\"color: #9d113b; font-family: garamond-lt-regular;\">Schlossf\u00fchrung:<\/span><\/strong><\/h2>\n<h3 style=\"text-align: left;\"><span style=\"color: #9d113b; font-family: garamond-lt-regular; font-size: 18px;\">400 Jahre Schlossleben<\/span><\/h3>\n<h4 style=\"text-align: left;\"><span style=\"color: #9d113b; font-family: garamond-lt-regular; font-size: 18px;\">Unser Klassiker: Die \u00f6ffentliche Schlossf\u00fchrung<\/span><\/h4>\n<p style=\"text-align: left;\"><span style=\"font-family: garamond-lt-regular; font-size: 18px;\">3. April bis 31.Oktober sonn- und feiertags 15 Uhr<\/span><br \/>\n<span style=\"font-size: 18px;\"><span style=\"font-family: garamond-lt-regular;\">zus\u00e4tzlich Juni bis September jeden ersten Samstag im Monat um 14 Uhr\u00a0<\/span><\/span><\/p>\n<p style=\"text-align: left;\"><span style=\"font-family: garamond-lt-regular; font-size: 18px;\">sowie f\u00fcr Gruppenf\u00fchrungen nach vorheriger Vereinbarung<\/span><br \/>\n<span style=\"font-family: garamond-lt-regular; font-size: 18px;\">Tel. (0 55 31) 70 71 48 oder Email: kultur@landkreis\u2013holzminden.de<\/span><\/p>\n<p style=\"text-align: left;\"><span style=\"font-family: garamond-lt-regular; font-size: 18px;\"><strong>Treffpunkt: Schlossinformation<\/strong><\/span><\/p>\n<p style=\"text-align: center;\">\n<\/div>\n<\/div><\/div><\/div><\/div><div id=\"pg-262-1\"  class=\"panel-grid panel-no-style\" ><div id=\"pgc-262-1-0\"  class=\"panel-grid-cell\" ><div id=\"panel-262-1-0-0\" class=\"so-panel widget widget_sow-editor panel-first-child panel-last-child\" data-index=\"1\" ><div\n\t\t\t\n\t\t\tclass=\"so-widget-sow-editor so-widget-sow-editor-base\"\n\t\t\t\n\t\t>\n<div class=\"siteorigin-widget-tinymce textwidget\">\n\t<p>&nbsp;<\/p>\n<p>&nbsp;<\/p>\n<h2><span style=\"color: #9d113b; font-family: garamond-lt-regular;\">Auf den Spuren von Paula Tobias - Land\u00e4rztin, Deutsche und J\u00fcdin<\/span><\/h2>\n<h4><span style=\"color: #9d113b; font-family: garamond-lt-regular;\">Eine F\u00fchrung durch den Ort Bevern<\/span><\/h4>\n<p><span style=\"font-family: garamond-lt-regular; font-size: 13pt;\"><strong><img loading=\"lazy\" decoding=\"async\" class=\"size-medium wp-image-347 alignright\" src=\"https:\/\/schloss-bevern.de\/wp\/wp-content\/uploads\/Paula-A2-212x300.jpg\" alt=\"\" width=\"212\" height=\"300\" srcset=\"https:\/\/schloss-bevern.de\/wp-content\/uploads\/Paula-A2-212x300.jpg 212w, https:\/\/schloss-bevern.de\/wp-content\/uploads\/Paula-A2-724x1024.jpg 724w, https:\/\/schloss-bevern.de\/wp-content\/uploads\/Paula-A2-106x150.jpg 106w, https:\/\/schloss-bevern.de\/wp-content\/uploads\/Paula-A2-768x1087.jpg 768w, https:\/\/schloss-bevern.de\/wp-content\/uploads\/Paula-A2-1085x1536.jpg 1085w, https:\/\/schloss-bevern.de\/wp-content\/uploads\/Paula-A2.jpg 1252w\" sizes=\"auto, (max-width: 212px) 100vw, 212px\" \/>Auf Paula Tobias\u2018 Spuren zum Garten durch Bevern<\/strong><\/span><\/p>\n<p><span style=\"font-family: garamond-lt-regular; font-size: 13pt;\"><strong>Kommentierter Ortsrundgang buchbar unter 05531 707 - 148\u00a0<\/strong><\/span><\/p>\n<p><span style=\"font-family: garamond-lt-regular; font-size: 13pt;\">Zwischen 1928 und 1935 lebte und praktizierte Dr. Paula Tobias (1886-1970) in Bevern. Die Gr\u00fcnderin der regionalen M\u00fctterberatung erlebte hier den Beginn des Nationalsozialismus. Ihr Leben wird bei einem Rundgang durch den Ort vom Schloss zum Wohnhaus anschaulich. Hier pflegte sie mit aller Gartenleidenschaft ihren Garten und gab gern von ihren Pflanzen ab. Aus der vom Nationalsozialismus erzwungenen Emigration schrieb sie: \u201eDie ganze Gegend bl\u00fchte von meinen Pflanzen\u201c.<\/span><\/p>\n<p>&nbsp;<\/p>\n<p>&nbsp;<\/p>\n<\/div>\n<\/div><\/div><\/div><\/div><div id=\"pg-262-2\"  class=\"panel-grid panel-no-style\" ><div id=\"pgc-262-2-0\"  class=\"panel-grid-cell panel-grid-cell-empty\" ><\/div><div id=\"pgc-262-2-1\"  class=\"panel-grid-cell\" ><div id=\"panel-262-2-1-0\" class=\"so-panel widget widget_sow-image panel-first-child\" data-index=\"2\" ><div\n\t\t\t\n\t\t\tclass=\"so-widget-sow-image so-widget-sow-image-default-15be6fc1a39e-262\"\n\t\t\t\n\t\t>\n<div class=\"sow-image-container\">\n\t\t<img loading=\"lazy\" decoding=\"async\" src=\"https:\/\/schloss-bevern.de\/wp-content\/uploads\/Karte.jpg\" width=\"1146\" height=\"1176\" srcset=\"https:\/\/schloss-bevern.de\/wp-content\/uploads\/Karte.jpg 1146w, https:\/\/schloss-bevern.de\/wp-content\/uploads\/Karte-292x300.jpg 292w, https:\/\/schloss-bevern.de\/wp-content\/uploads\/Karte-998x1024.jpg 998w, https:\/\/schloss-bevern.de\/wp-content\/uploads\/Karte-146x150.jpg 146w, https:\/\/schloss-bevern.de\/wp-content\/uploads\/Karte-768x788.jpg 768w\" sizes=\"auto, (max-width: 1146px) 100vw, 1146px\" alt=\"\" \t\tclass=\"so-widget-image\"\/>\n\t<\/div>\n\n<h3 class=\"widget-title\"><\/h3><\/div><\/div><div id=\"panel-262-2-1-1\" class=\"so-panel widget widget_sow-image panel-last-child\" data-index=\"3\" ><div\n\t\t\t\n\t\t\tclass=\"so-widget-sow-image so-widget-sow-image-default-c43113e78d82-262\"\n\t\t\t\n\t\t>\n<div class=\"sow-image-container\">\n\t\t<img loading=\"lazy\" decoding=\"async\" src=\"https:\/\/schloss-bevern.de\/wp-content\/uploads\/Logo_Paula_Tobias_4c_300px.jpg\" width=\"300\" height=\"111\" srcset=\"https:\/\/schloss-bevern.de\/wp-content\/uploads\/Logo_Paula_Tobias_4c_300px.jpg 300w, https:\/\/schloss-bevern.de\/wp-content\/uploads\/Logo_Paula_Tobias_4c_300px-150x56.jpg 150w\" sizes=\"auto, (max-width: 300px) 100vw, 300px\" alt=\"\" \t\tclass=\"so-widget-image\"\/>\n\t<\/div>\n\n<\/div><\/div><\/div><\/div><div id=\"pg-262-3\"  class=\"panel-grid panel-no-style\" ><div id=\"pgc-262-3-0\"  class=\"panel-grid-cell\" ><div id=\"panel-262-3-0-0\" class=\"so-panel widget widget_sow-editor panel-first-child panel-last-child\" data-index=\"4\" ><div\n\t\t\t\n\t\t\tclass=\"so-widget-sow-editor so-widget-sow-editor-base\"\n\t\t\t\n\t\t>\n<div class=\"siteorigin-widget-tinymce textwidget\">\n\t<h2><strong><span style=\"color: #9d113b; font-family: garamond-lt-regular;\">zus\u00e4tzliche buchbare THEMENF\u00dcHRUNGEN:<\/span><\/strong><\/h2>\n<h2><span style=\"color: #9d113b; font-family: garamond-lt-regular;\">Schloss Spezial \u2013 Bauhistorische F\u00fchrungsreihe durch fast 400 Jahre Schlossgeschichte<\/span><\/h2>\n<p><span style=\"font-family: garamond-lt-regular;\"><img loading=\"lazy\" decoding=\"async\" class=\"size-medium wp-image-157 alignright\" src=\"https:\/\/schloss-bevern.de\/wp\/wp-content\/uploads\/Bauhistorische_Fuehrungen_1-200x300.jpg\" alt=\"\" width=\"200\" height=\"300\" srcset=\"https:\/\/schloss-bevern.de\/wp-content\/uploads\/Bauhistorische_Fuehrungen_1-200x300.jpg 200w, https:\/\/schloss-bevern.de\/wp-content\/uploads\/Bauhistorische_Fuehrungen_1-681x1024.jpg 681w, https:\/\/schloss-bevern.de\/wp-content\/uploads\/Bauhistorische_Fuehrungen_1-100x150.jpg 100w, https:\/\/schloss-bevern.de\/wp-content\/uploads\/Bauhistorische_Fuehrungen_1-768x1154.jpg 768w, https:\/\/schloss-bevern.de\/wp-content\/uploads\/Bauhistorische_Fuehrungen_1-1022x1536.jpg 1022w, https:\/\/schloss-bevern.de\/wp-content\/uploads\/Bauhistorische_Fuehrungen_1-1363x2048.jpg 1363w, https:\/\/schloss-bevern.de\/wp-content\/uploads\/Bauhistorische_Fuehrungen_1-scaled.jpg 1703w\" sizes=\"auto, (max-width: 200px) 100vw, 200px\" \/><span style=\"font-size: 13pt;\">Das zwischen 1603 bis 1612 errichtete Schloss Bevern geh\u00f6rt zu den bedeutendsten Renaissance-Bauwerken im Weserraum. Bauherr Statius von M\u00fcnchhausen (1555-1633) beauftragte mit dem Bau den bedeutenden Hamelner Baumeister Johann Hundertossen. In der Renaissancearchitektur der Region sind stilistische Eigenheiten zu beobachten, die sich um 1600 zu einer unverwechselbaren Formensprache verdichten. Dazu geh\u00f6ren Gliederungen mit Gesimsen, Lisenen und Kerbschnittbossenquadern, reichgestaltete Giebelfronten, Zwerchh\u00e4user und Beschlagwerkornamente. Die Bauk\u00f6rper werden vielfach mit Erkern, Utluchten und Wendelsteinen mit welschen Hauben belebt. Unsere Schlossf\u00fchrerInnen zeigen und erkl\u00e4ren bei der Themenf\u00fchrungsreihe \u201eSchloss Spezial\u201c auf ganz leicht verst\u00e4ndliche Weise die Besonderheiten dieses einmaligen Baudenkmales, so dass sich dem Betrachter ein Blick auf bisher unbemerkte Details er\u00f6ffnet.\u00a0<\/span><\/span><\/p>\n<p>&nbsp;<\/p>\n<p>&nbsp;<\/p>\n<p>&nbsp;<\/p>\n<h2><span style=\"color: #9d113b; font-family: garamond-lt-regular;\">1. Perle der Weserrenaissance - Samstag, 25. April, 14 Uhr<\/span><\/h2>\n<p><span style=\"font-size: 13pt; font-family: garamond-lt-regular;\">In der Renaissancearchitektur der Region, genannt Weserrenaissance, sind stilistische Eigenheiten zu beobachten, die sich um 1600 zu einer unverwechselbaren Formensprache verdichten. Dazu geh\u00f6ren Gliederungen mit Gesimsen, Lisenen und Kerbschnittbossenquadern, reichgestaltete Giebelfronten, Zwerchh\u00e4user und Beschlagwerkornamente. Die Bauk\u00f6rper werden vielfach mit Erkern, Utluchten und Wendelsteinen mit welschen Hauben belebt. Bei dieser ersten bauhistorischen F\u00fchrung steht die Weserrenaissance am Beispiel von Schloss Bevern ganz im Mittelpunkt.<\/span><\/p>\n<p><span style=\"font-size: 13pt; font-family: garamond-lt-regular;\"><strong>\u00a0<\/strong><\/span><\/p>\n<h2><span style=\"color: #9d113b; font-family: garamond-lt-regular;\">2. Vagabunden, Trunkenbolde u. liederliches Frauenzimmer im Schloss - Samstag, 30. Mai, 14 Uhr<\/span><\/h2>\n<p><span style=\"font-size: 13pt; font-family: garamond-lt-regular;\">Anfang des 19. Jahrhunderts \u00fcbernahm das Herzogtum Braunschweig die Schlossanlage und f\u00fchrte sie einer radikal anderen, ganz profanen Nutzung zu: Der ehemalige Adeslssitz wurde zu einer \u201eCorrectionsanstalt\u201c umgebaut und Prunks\u00e4le, jegliche Ausschm\u00fcckung sowie das gesamte Mobiliar entfernt. Im Schloss blieb kaum ein Stein auf dem Anderen, das gesamte Geb\u00e4ude wurde v\u00f6llig umgebaut, sodass \u201eVagabunden, Trunkenbolde und liederliche Frauenzimmer\u201c, so behauptet es die Literatur, im Schloss eher unfreiwillig einquartiert werden konnten. Diese gro\u00dfr\u00e4umigen Umbauma\u00dfnahmen, die mit Einrichtung der Anstalt verbunden waren, werden an verschieden Orten im Schloss gezeigt und erl\u00e4utert.<\/span><\/p>\n<p>&nbsp;<\/p>\n<h2><span style=\"color: #9d113b; font-family: garamond-lt-regular;\">3. Vom M\u00fcnchhausenbau zur Herzogresidenz - Samstag, 27. Juni, 14 Uhr<\/span><\/h2>\n<p><span style=\"font-size: 16px;\"><span style=\"font-family: garamond-lt-regular;\">Etwa 20 Jahre nach Ableben des Schlosserbauers endete die \u00c4ra M\u00fcnchhausen mit dem Auszug seiner Witwe Dorothea von Bothmer aus dem Schloss. Das gesamte Bevernsche Lehen f\u00e4llt in Besitz des Herzogs August des J\u00fcngeren von Braunschweig und L\u00fcneburg. Er nutze es als Jagdschloss und Amtshaus. Nach seinem Tod geht das Schloss an den j\u00fcngsten Sohn, Ferdinand Albrecht I. von Braunschweig und L\u00fcneburg. Er bezog das stattliche Anwesen ab 1667 f\u00fcr 20 Jahre. Mit der \u00dcbernahme als Residenz gr\u00fcndete er die herzogliche Nebenlinie Braunschweig-Bevern und verhalf Schloss Bevern zu einer zweiten Bl\u00fctezeit. Die R\u00e4umlichkeiten wurden prunkvoll ausgestattet. Die herzogliche Residenz spiegelte die Interessen des Herzogs wider, der eine Kunstkammer und einen der ersten Theaters\u00e4le in Norddeutschland einrichtete. Viele weitere Um- und Neugestaltungen lie\u00df er vornehmen. Schloss Bevern als Braunschweigisches Residenzschloss und auch was in der Zeit danach geschah, vermittelt diese F\u00fchrung<\/span>.<\/span><\/p>\n<p><span style=\"font-size: 13pt; font-family: garamond-lt-regular;\"><strong>\u00a0<\/strong><\/span><\/p>\n<h2><span style=\"color: #9d113b; font-family: garamond-lt-regular;\">4. 1590 ein Schicksalsjahr f\u00fcr Bevern? Statius von M\u00fcnchhausen, sein Schloss und Bevern - Samstag, 25. Juli, 14 Uhr<\/span><\/h2>\n<p><span style=\"font-size: 16px;\"><span style=\"font-family: garamond-lt-regular;\">In diesem Jahr kam mit Statius von M\u00fcnchhausen ein sehr wohlhabender Adliger nach Bevern. Er hatte das kleine Bauerndorf vom braunschweigischen Herzog als Lehen erhalten. Dieser umtriebiger Herr sorgte (nicht nur) mit dem Bau seines repr\u00e4sentativen Herrensitzes, dem heutigen Weserrenaissance-Schloss Bevern, f\u00fcr reges Leben im Ort. Aus welchem Grund interessierte sich Statius v. M\u00fcnchhausen f\u00fcr das kleine eher unbedeutende Bauerndorf? Wieso lie\u00df er hier einen komfortablen Neubau errichten? Weil er es sich leisten konnte, ist nur eine Antwort. Was hatte Herzog Heinrich Julius wohl dazu bewogen das Lehen Bevern ausgerechnet einem Herrn aus niederen Adel zu \u00fcberlassen? Spielte Geld ebenfalls eine Rolle? Und schlie\u00dflich. Hatte das Wirken des Statius v. M\u00fcnchhausen Einfluss auf die Entwicklung des Ortes? Gibt es in Bevern noch Spuren, die es verraten?<\/span><\/span><\/p>\n<h2><span style=\"font-family: garamond-lt-regular;\"><img loading=\"lazy\" decoding=\"async\" class=\"size-medium wp-image-367 alignright\" src=\"https:\/\/schloss-bevern.de\/wp\/wp-content\/uploads\/Bevern_Schloss_150717_DSC7459_-_klein-200x300.jpg\" alt=\"\" width=\"200\" height=\"300\" srcset=\"https:\/\/schloss-bevern.de\/wp-content\/uploads\/Bevern_Schloss_150717_DSC7459_-_klein-200x300.jpg 200w, https:\/\/schloss-bevern.de\/wp-content\/uploads\/Bevern_Schloss_150717_DSC7459_-_klein-681x1024.jpg 681w, https:\/\/schloss-bevern.de\/wp-content\/uploads\/Bevern_Schloss_150717_DSC7459_-_klein-100x150.jpg 100w, https:\/\/schloss-bevern.de\/wp-content\/uploads\/Bevern_Schloss_150717_DSC7459_-_klein-768x1154.jpg 768w, https:\/\/schloss-bevern.de\/wp-content\/uploads\/Bevern_Schloss_150717_DSC7459_-_klein-1022x1536.jpg 1022w, https:\/\/schloss-bevern.de\/wp-content\/uploads\/Bevern_Schloss_150717_DSC7459_-_klein-1363x2048.jpg 1363w, https:\/\/schloss-bevern.de\/wp-content\/uploads\/Bevern_Schloss_150717_DSC7459_-_klein-scaled.jpg 1703w\" sizes=\"auto, (max-width: 200px) 100vw, 200px\" \/><\/span><\/h2>\n<p><span style=\"font-family: garamond-lt-regular;\">Die F\u00fchrung beinhaltet u. a. eine kurze Besichtigung des Schlosses von au\u00dfen, sowie einen kleinen Dorfrundgang . (zu baulichen Zeugen aus jener Zeit) <\/span><span style=\"font-family: garamond-lt-regular;\">Sie ist leider nicht geeignet f\u00fcr Menschen<\/span><span style=\"font-family: garamond-lt-regular;\">\u00a0mit Geh-Behinderung.<\/span><\/p>\n<p>&nbsp;<\/p>\n<h2><span style=\"color: #9d113b; font-family: garamond-lt-regular;\">5. Schloss Bevern von der W\u00e4hrungsreform bis heute - Samstag, 29. August, 14 Uhr<\/span><\/h2>\n<p><span style=\"font-size: 16px;\"><span style=\"font-family: garamond-lt-regular;\">Nachdem das Schloss in der Nachkriegszeit zun\u00e4chst als Fl\u00fcchtlings- und R\u00fcckzugslager f\u00fcr ehemalige Zwangsarbeiter diente, dann sogar f\u00fcr einige Jahre ein M\u00f6bellager beherbergte, gelangte es 1986 in den Besitz des heutigen Eigent\u00fcmers, dem Landkreis Holzminden. Zun\u00e4chst wurden f\u00fcr das gesamte Schloss bauhistorische Untersuchungen in Auftrag gegeben. Die ersten Sanierungsma\u00dfnahmen begannen bald. Ziel der neuen Verantwortlichen in der Verwaltung war es, dass Baudenkmal als regionales Kulturzentrum auszubauen und zu f\u00fchren. Als versierter Kenner des historischen Geb\u00e4udes kann der ehemalige Bauamtsleiter der Kreisverwaltung Holzminden fundierte Einblicke in diese spannende, j\u00fcngste Epoche der Schlossgeschichte geben.<\/span><\/span><\/p>\n<p>&nbsp;<\/p>\n<h2><span style=\"color: #9d113b; font-family: garamond-lt-regular;\">6. Torschlusspanik? Den Faden verloren - Samstag, 26. September, 14 Uhr<\/span><\/h2>\n<p><span style=\"font-size: 16px;\"><span style=\"font-family: garamond-lt-regular;\">Ein unterhaltsamer Spaziergang auf den Spuren unserer Redensarten durch Schloss und Heimatmuseum. <\/span><\/span><\/p>\n<p>&nbsp;<\/p>\n<p>&nbsp;<\/p>\n<p>&nbsp;<\/p>\n<\/div>\n<\/div><\/div><\/div><\/div><\/div>","protected":false},"excerpt":{"rendered":"<p>\u00d6ffentliche Schlossf\u00fchrungen von April bis Oktober \u00a0&#8211; informieren Sie sich aktuell, ob die F\u00fchrungen stattfinden &#8211; An folgenden Tagen k\u00f6nnen keine Schlossf\u00fchrungen angeboten werden: 12. bis 14. Juni 16. August\u00a0 3. und 4. Oktober Schlossf\u00fchrung: 400 Jahre Schlossleben Unser Klassiker: Die \u00f6ffentliche Schlossf\u00fchrung 3. April bis 31.Oktober sonn- und feiertags 15 Uhr zus\u00e4tzlich Juni bis [&hellip;]<\/p>\n","protected":false},"author":1,"featured_media":0,"parent":167,"menu_order":3,"comment_status":"closed","ping_status":"closed","template":"","meta":{"footnotes":""},"class_list":["post-262","page","type-page","status-publish","hentry","post"],"_links":{"self":[{"href":"https:\/\/schloss-bevern.de\/index.php?rest_route=\/wp\/v2\/pages\/262","targetHints":{"allow":["GET"]}}],"collection":[{"href":"https:\/\/schloss-bevern.de\/index.php?rest_route=\/wp\/v2\/pages"}],"about":[{"href":"https:\/\/schloss-bevern.de\/index.php?rest_route=\/wp\/v2\/types\/page"}],"author":[{"embeddable":true,"href":"https:\/\/schloss-bevern.de\/index.php?rest_route=\/wp\/v2\/users\/1"}],"replies":[{"embeddable":true,"href":"https:\/\/schloss-bevern.de\/index.php?rest_route=%2Fwp%2Fv2%2Fcomments&post=262"}],"version-history":[{"count":70,"href":"https:\/\/schloss-bevern.de\/index.php?rest_route=\/wp\/v2\/pages\/262\/revisions"}],"predecessor-version":[{"id":1553,"href":"https:\/\/schloss-bevern.de\/index.php?rest_route=\/wp\/v2\/pages\/262\/revisions\/1553"}],"up":[{"embeddable":true,"href":"https:\/\/schloss-bevern.de\/index.php?rest_route=\/wp\/v2\/pages\/167"}],"wp:attachment":[{"href":"https:\/\/schloss-bevern.de\/index.php?rest_route=%2Fwp%2Fv2%2Fmedia&parent=262"}],"curies":[{"name":"wp","href":"https:\/\/api.w.org\/{rel}","templated":true}]}}