{"id":46,"date":"2025-03-25T08:10:45","date_gmt":"2025-03-25T07:10:45","guid":{"rendered":"https:\/\/schloss-bevern.de\/wp\/?page_id=46"},"modified":"2026-03-27T11:11:38","modified_gmt":"2026-03-27T10:11:38","slug":"aktuelles","status":"publish","type":"page","link":"https:\/\/schloss-bevern.de\/?page_id=46","title":{"rendered":"Aktuelles"},"content":{"rendered":"<div id=\"pl-46\"  class=\"panel-layout\" ><div id=\"pg-46-0\"  class=\"panel-grid panel-no-style\" ><div id=\"pgc-46-0-0\"  class=\"panel-grid-cell\" ><div id=\"panel-46-0-0-0\" class=\"so-panel widget widget_sow-editor panel-first-child panel-last-child\" data-index=\"0\" ><div\n\t\t\t\n\t\t\tclass=\"so-widget-sow-editor so-widget-sow-editor-base\"\n\t\t\t\n\t\t>\n<div class=\"siteorigin-widget-tinymce textwidget\">\n\t<h1><span style=\"color: #9d113b; font-family: garamond-lt-regular;\"><strong>Saison 2026<\/strong><\/span><\/h1>\n<div>\n<div><span style=\"font-family: garamond-lt-regular; font-size: 16px;\"><strong>Ab April <\/strong>bis Oktober \u00f6ffnet die Schloss-Information, der Schloss-Shop, die Erlebniswelt Renaissance und das Heimatmuseum wieder von Dienstag bis Sonntag in der Zeit von 10 - 17 Uhr. Auch an allen bundeseinheitlichen Feiertagen hat das Schloss ge\u00f6ffnet.<\/span><\/div>\n<div><span style=\"font-family: garamond-lt-regular; font-size: 16px;\"><strong>Bitte informieren Sie sich jeweils aktuell dar\u00fcber, ob geplante <a href=\"https:\/\/schloss-bevern.de\/?page_id=688\">Veranstaltungen<\/a>\u00a0stattfinden k\u00f6nnen!<\/strong><\/span><\/div>\n<\/div>\n<p><span style=\"font-family: garamond-lt-regular; font-size: 16px;\">Wir freuen uns auf Ihren Besuch!<\/span><\/p>\n<p><span style=\"font-family: garamond-lt-regular; font-size: 16px;\">Kulturkalender 2026 zum <a href=\"https:\/\/schloss-bevern.de\/wp-content\/uploads\/LHO_Bevern-Flyer-012026-DV.pdf\">Download<\/a><\/span><\/p>\n<h4><\/h4>\n<p>&nbsp;<\/p>\n<p><span style=\"color: #9d113b; font-family: garamond-lt-regular; font-size: 16px;\">Infos zu den Besuchsm\u00f6glichkeiten, Schlossf\u00fchrungsangeboten\u00a0und den Kartenvorverkauf des Schlosses unter<\/span><\/p>\n<p><span style=\"color: #9d113b; font-family: garamond-lt-regular; font-size: 16px;\">Tel. 05531 707 140 - Verwaltung<br \/>\nTel. 05531\u00a0707 109 - Sekretariat<br \/>\nTel. 05531 707 148 - Schloss - Information<\/span><\/p>\n<\/div>\n<\/div><\/div><\/div><div id=\"pgc-46-0-1\"  class=\"panel-grid-cell\" ><div id=\"panel-46-0-1-0\" class=\"so-panel widget widget_sow-editor panel-first-child panel-last-child\" data-index=\"1\" ><div\n\t\t\t\n\t\t\tclass=\"so-widget-sow-editor so-widget-sow-editor-base\"\n\t\t\t\n\t\t>\n<div class=\"siteorigin-widget-tinymce textwidget\">\n\t<h3><\/h3>\n<h3><span style=\"font-size: 24px;\"><strong><span style=\"color: #9d113b;\">Fotoausstellung - Niedersachsen Land der Alleen<\/span><\/strong><\/span><\/h3>\n<h3><span style=\"font-size: 18px;\"><strong><span style=\"color: #9d113b; font-family: garamond-lt-regular;\">Ausstellungser\u00f6ffnung: Sonntag, 12. April 2026 um 11 Uhr\u00a0<\/span><\/strong><\/span><\/h3>\n<p><span style=\"font-family: garamond-lt-regular;\"><span style=\"font-size: 18px;\"><img loading=\"lazy\" decoding=\"async\" class=\"size-medium wp-image-1487 alignleft\" src=\"https:\/\/schloss-bevern.de\/wp-content\/uploads\/Bild-3-Max-Peters-Heterogene-Allee-Havelah-300x199.jpg\" alt=\"\" width=\"300\" height=\"199\" srcset=\"https:\/\/schloss-bevern.de\/wp-content\/uploads\/Bild-3-Max-Peters-Heterogene-Allee-Havelah-300x199.jpg 300w, https:\/\/schloss-bevern.de\/wp-content\/uploads\/Bild-3-Max-Peters-Heterogene-Allee-Havelah-1024x678.jpg 1024w, https:\/\/schloss-bevern.de\/wp-content\/uploads\/Bild-3-Max-Peters-Heterogene-Allee-Havelah-150x99.jpg 150w, https:\/\/schloss-bevern.de\/wp-content\/uploads\/Bild-3-Max-Peters-Heterogene-Allee-Havelah-768x509.jpg 768w, https:\/\/schloss-bevern.de\/wp-content\/uploads\/Bild-3-Max-Peters-Heterogene-Allee-Havelah-1536x1017.jpg 1536w, https:\/\/schloss-bevern.de\/wp-content\/uploads\/Bild-3-Max-Peters-Heterogene-Allee-Havelah-2048x1356.jpg 2048w\" sizes=\"auto, (max-width: 300px) 100vw, 300px\" \/><span style=\"font-size: 16px;\">Die beliebte Ausstellung \u201eLand der Alleen\u201c des Nieders\u00e4chsischen Heimatbundes (NHB) kehrt zur\u00fcck: Vom 3. April bis 31. Mai 2026 k\u00f6nnen Besucherinnen und Besucher erneut die faszinierenden Alleen Niedersachsen<\/span><\/span><\/span><span style=\"font-family: garamond-lt-regular; font-size: 16px;\">s im Kulturzentrum Weserrenaissance Schloss Bevern erleben. Die Ausstellung, die bereits 2019 gro\u00dfen Anklang fand, pr\u00e4sentiert eine beeindruckende Auswahl von rund 2.000 Alleen, die von engagierten B\u00fcrgerinnen und B\u00fcrgern im Rahmen eines Projekts des NHB zwischen 2015 und 2018 dokumentiert wurden.<\/span><\/p>\n<p><span style=\"font-size: 16px;\"><span style=\"font-family: garamond-lt-regular;\">Die Ausstellung <\/span><span style=\"font-family: garamond-lt-regular;\">bietet nicht nur die M\u00f6glichkeit, die sch\u00f6nsten Alleen des Landes zu bewundern, sondern vermittelt auch viel Wissenswertes \u00fcber die historische Entwicklung der Alleen, die verschiedenen Baumarten, ih<\/span><span style=\"font-family: garamond-lt-regular;\">re regionale Verteilung und die Bedeutung der Alleen f\u00fcr den Naturschutz. Ein besonderes Augenmerk liegt auch auf der F\u00f6rderung von Baumpatenschaften, die den Erhalt dieser einzigartigen Kulturg\u00fcter unterst\u00fctzen.<\/span><\/span><\/p>\n<\/div>\n<\/div><\/div><\/div><\/div><\/div>","protected":false},"excerpt":{"rendered":"<p>Saison 2026 Ab April bis Oktober \u00f6ffnet die Schloss-Information, der Schloss-Shop, die Erlebniswelt Renaissance und das Heimatmuseum wieder von Dienstag bis Sonntag in der Zeit von 10 &#8211; 17 Uhr. Auch an allen bundeseinheitlichen Feiertagen hat das Schloss ge\u00f6ffnet. Bitte informieren Sie sich jeweils aktuell dar\u00fcber, ob geplante Veranstaltungen\u00a0stattfinden k\u00f6nnen! Wir freuen uns auf Ihren [&hellip;]<\/p>\n","protected":false},"author":1,"featured_media":0,"parent":0,"menu_order":1,"comment_status":"closed","ping_status":"closed","template":"","meta":{"footnotes":""},"class_list":["post-46","page","type-page","status-publish","hentry","post"],"_links":{"self":[{"href":"https:\/\/schloss-bevern.de\/index.php?rest_route=\/wp\/v2\/pages\/46","targetHints":{"allow":["GET"]}}],"collection":[{"href":"https:\/\/schloss-bevern.de\/index.php?rest_route=\/wp\/v2\/pages"}],"about":[{"href":"https:\/\/schloss-bevern.de\/index.php?rest_route=\/wp\/v2\/types\/page"}],"author":[{"embeddable":true,"href":"https:\/\/schloss-bevern.de\/index.php?rest_route=\/wp\/v2\/users\/1"}],"replies":[{"embeddable":true,"href":"https:\/\/schloss-bevern.de\/index.php?rest_route=%2Fwp%2Fv2%2Fcomments&post=46"}],"version-history":[{"count":41,"href":"https:\/\/schloss-bevern.de\/index.php?rest_route=\/wp\/v2\/pages\/46\/revisions"}],"predecessor-version":[{"id":1493,"href":"https:\/\/schloss-bevern.de\/index.php?rest_route=\/wp\/v2\/pages\/46\/revisions\/1493"}],"wp:attachment":[{"href":"https:\/\/schloss-bevern.de\/index.php?rest_route=%2Fwp%2Fv2%2Fmedia&parent=46"}],"curies":[{"name":"wp","href":"https:\/\/api.w.org\/{rel}","templated":true}]}}