{"id":711,"date":"2025-04-09T11:06:13","date_gmt":"2025-04-09T09:06:13","guid":{"rendered":"https:\/\/schloss-bevern.de\/wp\/?post_type=tribe_events&#038;p=711"},"modified":"2025-04-09T11:06:13","modified_gmt":"2025-04-09T09:06:13","slug":"die-brunnenfrau","status":"publish","type":"tribe_events","link":"https:\/\/schloss-bevern.de\/?tribe_events=die-brunnenfrau","title":{"rendered":"Die Brunnenfrau"},"content":{"rendered":"<div class=\"event_details\">\n<div class=\"field_line\">\n<div class=\"field_value\">\n<p><span style=\"font-family: garamond-lt-regular;\"><img loading=\"lazy\" decoding=\"async\" class=\"alignleft\" src=\"http:\/\/schloss-bevern.de\/media\/2025\/Brunnenfrau.png\" width=\"181\" height=\"181\" \/><span style=\"font-size: 16px;\">Kurzfilm-Abend und<\/span><\/span><br \/>\n<span style=\"font-family: garamond-lt-regular; font-size: 16px;\">Gespr\u00e4ch mit der Regisseurin<\/span><br \/>\n<span style=\"font-family: garamond-lt-regular; font-size: 16px;\">16. Mai, 19 Uhr<\/span><\/p>\n<p><span style=\"font-family: garamond-lt-regular; font-size: 16px;\">\u201eDie Brunnenfrau\u201c ist ein Entwicklungshilfedrama \u00fcber die Herausforderungen interkultureller Kommunikation. Anschlie\u00dfend Gespr\u00e4ch mit Regisseurin Julia Finkernagel \u00fcber den Perspektivwechsel und das Erz\u00e4hlen wahrer Geschichten.<\/span><\/p>\n<\/div>\n<\/div>\n<\/div>\n","protected":false},"excerpt":{"rendered":"<p>Kurzfilm-Abend und Gespr\u00e4ch mit der Regisseurin 16. Mai, 19 Uhr \u201eDie Brunnenfrau\u201c ist ein Entwicklungshilfedrama \u00fcber die Herausforderungen interkultureller Kommunikation. Anschlie\u00dfend Gespr\u00e4ch mit Regisseurin Julia Finkernagel \u00fcber den Perspektivwechsel und das Erz\u00e4hlen wahrer Geschichten.<\/p>\n","protected":false},"author":1,"featured_media":0,"template":"","meta":{"_tribe_events_status":"","_tribe_events_status_reason":"","footnotes":""},"tags":[],"tribe_events_cat":[],"class_list":["post-711","tribe_events","type-tribe_events","status-publish","hentry","post"],"_links":{"self":[{"href":"https:\/\/schloss-bevern.de\/index.php?rest_route=\/wp\/v2\/tribe_events\/711","targetHints":{"allow":["GET"]}}],"collection":[{"href":"https:\/\/schloss-bevern.de\/index.php?rest_route=\/wp\/v2\/tribe_events"}],"about":[{"href":"https:\/\/schloss-bevern.de\/index.php?rest_route=\/wp\/v2\/types\/tribe_events"}],"author":[{"embeddable":true,"href":"https:\/\/schloss-bevern.de\/index.php?rest_route=\/wp\/v2\/users\/1"}],"version-history":[{"count":1,"href":"https:\/\/schloss-bevern.de\/index.php?rest_route=\/wp\/v2\/tribe_events\/711\/revisions"}],"predecessor-version":[{"id":712,"href":"https:\/\/schloss-bevern.de\/index.php?rest_route=\/wp\/v2\/tribe_events\/711\/revisions\/712"}],"wp:attachment":[{"href":"https:\/\/schloss-bevern.de\/index.php?rest_route=%2Fwp%2Fv2%2Fmedia&parent=711"}],"wp:term":[{"taxonomy":"post_tag","embeddable":true,"href":"https:\/\/schloss-bevern.de\/index.php?rest_route=%2Fwp%2Fv2%2Ftags&post=711"},{"taxonomy":"tribe_events_cat","embeddable":true,"href":"https:\/\/schloss-bevern.de\/index.php?rest_route=%2Fwp%2Fv2%2Ftribe_events_cat&post=711"}],"curies":[{"name":"wp","href":"https:\/\/api.w.org\/{rel}","templated":true}]}}