{"id":752,"date":"2025-04-09T11:41:36","date_gmt":"2025-04-09T09:41:36","guid":{"rendered":"https:\/\/schloss-bevern.de\/wp\/?post_type=tribe_events&#038;p=752"},"modified":"2025-04-09T11:41:36","modified_gmt":"2025-04-09T09:41:36","slug":"sonderfuehrung-tag-des-offenen-denkmals","status":"publish","type":"tribe_events","link":"https:\/\/schloss-bevern.de\/?tribe_events=sonderfuehrung-tag-des-offenen-denkmals","title":{"rendered":"Sonderf\u00fchrung Tag des offenen Denkmals"},"content":{"rendered":"<div class=\"event_details\">\n<div class=\"field_line\">\n<div class=\"field_value\">\n<h3><span style=\"font-family: garamond-lt-regular; font-size: 18px;\"><strong><span style=\"color: #9d113b;\">\u201eVon der ummauerten Schlossanlage zum offenen Denkmal\u201c<\/span> <\/strong><\/span><\/h3>\n<p><span style=\"font-family: garamond-lt-regular;\">Sonntag, 14. September, 14 Uhr, Sonderf\u00fchrung<\/span><\/p>\n<p><span style=\"font-family: garamond-lt-regular;\">Mit den Geb\u00e4uden des Vorwerks und den Mauern um den Lustgarten herum grenzte sich das Schloss einst deutlich zur Umgebung ab. Am Tag des offenen Denkmals geht die F\u00fchrung der wechselvollen Geschichte des Schlosses nach und erz\u00e4hlt, wie sich das Schloss als Geb\u00e4ude und mit seinen Funktionen \u00f6ffnete.<\/span><\/p>\n<\/div>\n<\/div>\n<\/div>\n","protected":false},"excerpt":{"rendered":"<p>\u201eVon der ummauerten Schlossanlage zum offenen Denkmal\u201c Sonntag, 14. September, 14 Uhr, Sonderf\u00fchrung Mit den Geb\u00e4uden des Vorwerks und den Mauern um den Lustgarten herum grenzte sich das Schloss einst deutlich zur Umgebung ab. Am Tag des offenen Denkmals geht die F\u00fchrung der wechselvollen Geschichte des Schlosses nach und erz\u00e4hlt, wie sich das Schloss als [&hellip;]<\/p>\n","protected":false},"author":1,"featured_media":0,"template":"","meta":{"_tribe_events_status":"","_tribe_events_status_reason":"","footnotes":""},"tags":[],"tribe_events_cat":[],"class_list":["post-752","tribe_events","type-tribe_events","status-publish","hentry","post"],"_links":{"self":[{"href":"https:\/\/schloss-bevern.de\/index.php?rest_route=\/wp\/v2\/tribe_events\/752","targetHints":{"allow":["GET"]}}],"collection":[{"href":"https:\/\/schloss-bevern.de\/index.php?rest_route=\/wp\/v2\/tribe_events"}],"about":[{"href":"https:\/\/schloss-bevern.de\/index.php?rest_route=\/wp\/v2\/types\/tribe_events"}],"author":[{"embeddable":true,"href":"https:\/\/schloss-bevern.de\/index.php?rest_route=\/wp\/v2\/users\/1"}],"version-history":[{"count":1,"href":"https:\/\/schloss-bevern.de\/index.php?rest_route=\/wp\/v2\/tribe_events\/752\/revisions"}],"predecessor-version":[{"id":753,"href":"https:\/\/schloss-bevern.de\/index.php?rest_route=\/wp\/v2\/tribe_events\/752\/revisions\/753"}],"wp:attachment":[{"href":"https:\/\/schloss-bevern.de\/index.php?rest_route=%2Fwp%2Fv2%2Fmedia&parent=752"}],"wp:term":[{"taxonomy":"post_tag","embeddable":true,"href":"https:\/\/schloss-bevern.de\/index.php?rest_route=%2Fwp%2Fv2%2Ftags&post=752"},{"taxonomy":"tribe_events_cat","embeddable":true,"href":"https:\/\/schloss-bevern.de\/index.php?rest_route=%2Fwp%2Fv2%2Ftribe_events_cat&post=752"}],"curies":[{"name":"wp","href":"https:\/\/api.w.org\/{rel}","templated":true}]}}